{"id":959,"date":"2018-12-17T10:17:38","date_gmt":"2018-12-17T09:17:38","guid":{"rendered":"https:\/\/ramaderiacalandreu.com\/cookies\/"},"modified":"2018-12-17T10:17:38","modified_gmt":"2018-12-17T09:17:38","slug":"cookies","status":"publish","type":"page","link":"https:\/\/ramaderiacalandreu.com\/es\/cookies\/","title":{"rendered":"Cookies"},"content":{"rendered":"<p><strong>POL\u00cdTICA DE PRIVACIDAD<\/strong><\/p>\n<p>1. INFORMACI\u00d3N AL USUARIO<br \/>\nRamaderia ecol\u00f2gica ca l&#8217;Andreu,SL, en adelante RESPONSABLE, es el Responsable del<br \/>\ntratamiento de los datos personales del Usuario y le informa que estos datos ser\u00e1n tratados de<br \/>\nconformidad con lo dispuesto en las normativas vigentes en protecci\u00f3n de datos personales, el<br \/>\nReglamento (UE) 2016\/679 de 27 de abril de 2016 (GDPR) relativo a la protecci\u00f3n de las personas<br \/>\nf\u00edsicas en lo que respecta al tratamiento de datos personales y a la libre circulaci\u00f3n de estos datos y la<br \/>\nLey Org\u00e1nica (ES) 15\/1999 de 13 de diciembre (LOPD) relativa a la protecci\u00f3n de datos de car\u00e1cter<br \/>\npersonal, por lo que se le facilita la siguiente informaci\u00f3n del tratamiento:<br \/>\nFin del tratamiento: mantener una relaci\u00f3n comercial con el Usuario. Las operaciones previstas para<br \/>\nrealizar el tratamiento son:<br \/>\nRemisi\u00f3n de comunicaciones comerciales publicitarias por email, fax, SMS, MMS,<br \/>\ncomunidades sociales o cualquier otro medio electr\u00f3nico o f\u00edsico, presente o futuro, que<br \/>\nposibilite realizar comunicaciones comerciales. Estas comunicaciones ser\u00e1n realizadas por<br \/>\nel RESPONSABLE y relacionadas sobre sus productos y servicios, o de sus colaboradores o<br \/>\nproveedores con los que \u00e9ste haya alcanzado alg\u00fan acuerdo de promoci\u00f3n. En este caso, los<br \/>\nterceros nunca tendr\u00e1n acceso a los datos personales.<br \/>\nRealizar estudios estad\u00edsticos.<br \/>\nTramitar encargos, solicitudes o cualquier tipo de petici\u00f3n que sea realizada por el usuario a<br \/>\ntrav\u00e9s de cualquiera de las formas de contacto que se ponen a su disposici\u00f3n.<br \/>\nRemitir el bolet\u00edn de noticias de la p\u00e1gina web.<br \/>\nCriterios de conservaci\u00f3n de los datos: se conservar\u00e1n mientras exista un inter\u00e9s mutuo para<br \/>\nmantener el fin del tratamiento y cuando ya no sea necesario para tal fin, se suprimir\u00e1n con medidas<br \/>\nde seguridad adecuadas para garantizar la seudonimizaci\u00f3n de los datos o la destrucci\u00f3n total de los<br \/>\nmismos.<br \/>\nComunicaci\u00f3n de los datos: No se comunicar\u00e1n los datos a terceros, salvo obligaci\u00f3n legal.<br \/>\nDerechos que asisten al Usuario:<br \/>\nDerecho a retirar el consentimiento en cualquier momento.<br \/>\nDerecho de acceso, rectificaci\u00f3n, portabilidad y supresi\u00f3n de sus datos y a la limitaci\u00f3n u<br \/>\noposici\u00f3n al su tratamiento.<br \/>\nDerecho a presentar una reclamaci\u00f3n ante la autoridad de control (agpd.es) si considera que<br \/>\nel tratamiento no se ajusta a la normativa vigente.<br \/>\nDatos de contacto para ejercer sus derechos:<br \/>\nDirecci\u00f3n postal: Ramaderia ecol\u00f2gica ca l&#8217;Andreu,SL. RIBES ALTES &#8211; CA L&#8217;ANDREU, S\/N 25718 Al\u00e0s<br \/>\ni Cerc (LLEIDA). Email: info@ramaderiacalandreu.com<br \/>\nDirecci\u00f3n electr\u00f3nica: info@ramaderiacalandreu.com<\/p>\n<p>Ramaderia ecol\u00f2gica ca l&#8217;Andreu,SL<\/p>\n<p>Ramaderia ecol\u00f2gica ca l&#8217;Andreu,SL<br \/>\nRIBES ALTES &#8211; CA L&#8217;ANDREU, S\/N &#8211; Al\u00e0s i Cerc 25718 (LLEIDA)<br \/>\n2. CAR\u00c1CTER OBLIGATORIO O FACULTATIVO DE LA INFORMACI\u00d3N FACILITADA POR EL<br \/>\nUSUARIO<br \/>\nLos Usuarios, mediante la marcaci\u00f3n de las casillas correspondientes y entrada de datos en los<br \/>\ncampos, marcados con un asterisco (*) en el formulario de contacto o presentados en formularios de<br \/>\ndescarga, aceptan expresamente y de forma libre e inequ\u00edvoca, que sus datos son necesarios para<br \/>\natender su petici\u00f3n, por parte del prestador, siendo voluntaria la inclusi\u00f3n de datos en los campos<br \/>\nrestantes. El Usuario garantiza que los datos personales facilitados al RESPONSABLE son veraces y<br \/>\nse hace responsable de comunicar cualquier modificaci\u00f3n de los mismos.<br \/>\nEl RESPONSABLE informa y garantiza expresamente a los usuarios que sus datos personales no<br \/>\nser\u00e1n cedidos en ning\u00fan caso a terceros, y que siempre que realizara alg\u00fan tipo de cesi\u00f3n de datos<br \/>\npersonales, se pedir\u00e1 previamente el consentimiento expreso, informado e inequ\u00edvoco por parte los<br \/>\nUsuarios. Todos los datos solicitados a trav\u00e9s del sitio web son obligatorios, ya que son necesarios<br \/>\npara la prestaci\u00f3n de un servicio \u00f3ptimo al Usuario. En caso de que no sean facilitados todos los datos,<br \/>\nno se garantiza que la informaci\u00f3n y servicios facilitados sean completamente ajustados a sus<br \/>\nnecesidades.<br \/>\n3. MEDIDAS DE SEGURIDAD<br \/>\nQue de conformidad con lo dispuesto en las normativas vigentes en protecci\u00f3n de datos personales, el<br \/>\nRESPONSABLE est\u00e1 cumpliendo con todas las disposiciones de las normativas GDPR y LOPD para el<br \/>\ntratamiento de los datos personales de su responsabilidad, y manifiestamente con los principios<br \/>\ndescritos en el art\u00edculo 5 del GDPR y en el art\u00edculo 4 de la LOPD, por los cuales son tratados de<br \/>\nmanera l\u00edcita, leal y transparente en relaci\u00f3n con el interesado y adecuados, pertinentes y limitados a<br \/>\nlo necesario en relaci\u00f3n con los fines para los que son tratados.<br \/>\nEl RESPONSABLE garantiza que ha implementado pol\u00edticas t\u00e9cnicas y organizativas apropiadas para<br \/>\naplicar las medidas de seguridad que establecen el GDPR y la LOPD con el fin de proteger los<br \/>\nderechos y libertades de los Usuarios y les ha comunicado la informaci\u00f3n adecuada para que puedan<br \/>\nejercerlos.<\/p>\n","protected":false},"excerpt":{"rendered":"<p>POL\u00cdTICA DE PRIVACIDAD 1. INFORMACI\u00d3N AL USUARIO Ramaderia ecol\u00f2gica ca l&#8217;Andreu,SL, en adelante RESPONSABLE, es el Responsable del tratamiento de los datos personales del Usuario y le informa que estos datos ser\u00e1n tratados de conformidad con lo dispuesto en las normativas vigentes en protecci\u00f3n de datos personales, el Reglamento (UE) 2016\/679 de 27 de abril [&hellip;]<\/p>\n","protected":false},"author":1,"featured_media":0,"parent":0,"menu_order":0,"comment_status":"closed","ping_status":"closed","template":"","meta":{"_et_pb_use_builder":"","_et_pb_old_content":"","_et_gb_content_width":"","jetpack_post_was_ever_published":false,"footnotes":""},"class_list":["post-959","page","type-page","status-publish","hentry"],"yoast_head":"<!-- This site is optimized with the Yoast SEO plugin v26.2 - https:\/\/yoast.com\/wordpress\/plugins\/seo\/ -->\n<title>Cookies - Ramaderia Ca L&#039;Andreu<\/title>\n<meta name=\"robots\" content=\"index, follow, max-snippet:-1, max-image-preview:large, max-video-preview:-1\" \/>\n<link rel=\"canonical\" href=\"https:\/\/ramaderiacalandreu.com\/es\/cookies\/\" \/>\n<meta property=\"og:locale\" content=\"es_ES\" \/>\n<meta property=\"og:type\" content=\"article\" \/>\n<meta property=\"og:title\" content=\"Cookies - Ramaderia Ca L&#039;Andreu\" \/>\n<meta property=\"og:description\" content=\"POL\u00cdTICA DE PRIVACIDAD 1. INFORMACI\u00d3N AL USUARIO Ramaderia ecol\u00f2gica ca l&#8217;Andreu,SL, en adelante RESPONSABLE, es el Responsable del tratamiento de los datos personales del Usuario y le informa que estos datos ser\u00e1n tratados de conformidad con lo dispuesto en las normativas vigentes en protecci\u00f3n de datos personales, el Reglamento (UE) 2016\/679 de 27 de abril [&hellip;]\" \/>\n<meta property=\"og:url\" content=\"https:\/\/ramaderiacalandreu.com\/es\/cookies\/\" \/>\n<meta property=\"og:site_name\" content=\"Ramaderia Ca L&#039;Andreu\" \/>\n<meta name=\"twitter:card\" content=\"summary_large_image\" \/>\n<meta name=\"twitter:label1\" content=\"Tiempo de lectura\" \/>\n\t<meta name=\"twitter:data1\" content=\"4 minutos\" \/>\n<script type=\"application\/ld+json\" class=\"yoast-schema-graph\">{\"@context\":\"https:\/\/schema.org\",\"@graph\":[{\"@type\":\"WebPage\",\"@id\":\"https:\/\/ramaderiacalandreu.com\/es\/cookies\/\",\"url\":\"https:\/\/ramaderiacalandreu.com\/es\/cookies\/\",\"name\":\"Cookies - Ramaderia Ca L&#039;Andreu\",\"isPartOf\":{\"@id\":\"https:\/\/ramaderiacalandreu.com\/#website\"},\"datePublished\":\"2018-12-17T09:17:38+00:00\",\"breadcrumb\":{\"@id\":\"https:\/\/ramaderiacalandreu.com\/es\/cookies\/#breadcrumb\"},\"inLanguage\":\"es\",\"potentialAction\":[{\"@type\":\"ReadAction\",\"target\":[\"https:\/\/ramaderiacalandreu.com\/es\/cookies\/\"]}]},{\"@type\":\"BreadcrumbList\",\"@id\":\"https:\/\/ramaderiacalandreu.com\/es\/cookies\/#breadcrumb\",\"itemListElement\":[{\"@type\":\"ListItem\",\"position\":1,\"name\":\"Inici\",\"item\":\"https:\/\/ramaderiacalandreu.com\/es\/\"},{\"@type\":\"ListItem\",\"position\":2,\"name\":\"Cookies\"}]},{\"@type\":\"WebSite\",\"@id\":\"https:\/\/ramaderiacalandreu.com\/#website\",\"url\":\"https:\/\/ramaderiacalandreu.com\/\",\"name\":\"Ramaderia Ca L&#039;Andreu\",\"description\":\"Botiga online de carn ecol\u00f2gica\",\"potentialAction\":[{\"@type\":\"SearchAction\",\"target\":{\"@type\":\"EntryPoint\",\"urlTemplate\":\"https:\/\/ramaderiacalandreu.com\/?s={search_term_string}\"},\"query-input\":{\"@type\":\"PropertyValueSpecification\",\"valueRequired\":true,\"valueName\":\"search_term_string\"}}],\"inLanguage\":\"es\"}]}<\/script>\n<!-- \/ Yoast SEO plugin. -->","yoast_head_json":{"title":"Cookies - Ramaderia Ca L&#039;Andreu","robots":{"index":"index","follow":"follow","max-snippet":"max-snippet:-1","max-image-preview":"max-image-preview:large","max-video-preview":"max-video-preview:-1"},"canonical":"https:\/\/ramaderiacalandreu.com\/es\/cookies\/","og_locale":"es_ES","og_type":"article","og_title":"Cookies - Ramaderia Ca L&#039;Andreu","og_description":"POL\u00cdTICA DE PRIVACIDAD 1. INFORMACI\u00d3N AL USUARIO Ramaderia ecol\u00f2gica ca l&#8217;Andreu,SL, en adelante RESPONSABLE, es el Responsable del tratamiento de los datos personales del Usuario y le informa que estos datos ser\u00e1n tratados de conformidad con lo dispuesto en las normativas vigentes en protecci\u00f3n de datos personales, el Reglamento (UE) 2016\/679 de 27 de abril [&hellip;]","og_url":"https:\/\/ramaderiacalandreu.com\/es\/cookies\/","og_site_name":"Ramaderia Ca L&#039;Andreu","twitter_card":"summary_large_image","twitter_misc":{"Tiempo de lectura":"4 minutos"},"schema":{"@context":"https:\/\/schema.org","@graph":[{"@type":"WebPage","@id":"https:\/\/ramaderiacalandreu.com\/es\/cookies\/","url":"https:\/\/ramaderiacalandreu.com\/es\/cookies\/","name":"Cookies - Ramaderia Ca L&#039;Andreu","isPartOf":{"@id":"https:\/\/ramaderiacalandreu.com\/#website"},"datePublished":"2018-12-17T09:17:38+00:00","breadcrumb":{"@id":"https:\/\/ramaderiacalandreu.com\/es\/cookies\/#breadcrumb"},"inLanguage":"es","potentialAction":[{"@type":"ReadAction","target":["https:\/\/ramaderiacalandreu.com\/es\/cookies\/"]}]},{"@type":"BreadcrumbList","@id":"https:\/\/ramaderiacalandreu.com\/es\/cookies\/#breadcrumb","itemListElement":[{"@type":"ListItem","position":1,"name":"Inici","item":"https:\/\/ramaderiacalandreu.com\/es\/"},{"@type":"ListItem","position":2,"name":"Cookies"}]},{"@type":"WebSite","@id":"https:\/\/ramaderiacalandreu.com\/#website","url":"https:\/\/ramaderiacalandreu.com\/","name":"Ramaderia Ca L&#039;Andreu","description":"Botiga online de carn ecol\u00f2gica","potentialAction":[{"@type":"SearchAction","target":{"@type":"EntryPoint","urlTemplate":"https:\/\/ramaderiacalandreu.com\/?s={search_term_string}"},"query-input":{"@type":"PropertyValueSpecification","valueRequired":true,"valueName":"search_term_string"}}],"inLanguage":"es"}]}},"jetpack_sharing_enabled":true,"jetpack_shortlink":"https:\/\/wp.me\/P9BGFK-ft","jetpack_likes_enabled":true,"jetpack-related-posts":[],"_links":{"self":[{"href":"https:\/\/ramaderiacalandreu.com\/es\/wp-json\/wp\/v2\/pages\/959","targetHints":{"allow":["GET"]}}],"collection":[{"href":"https:\/\/ramaderiacalandreu.com\/es\/wp-json\/wp\/v2\/pages"}],"about":[{"href":"https:\/\/ramaderiacalandreu.com\/es\/wp-json\/wp\/v2\/types\/page"}],"author":[{"embeddable":true,"href":"https:\/\/ramaderiacalandreu.com\/es\/wp-json\/wp\/v2\/users\/1"}],"replies":[{"embeddable":true,"href":"https:\/\/ramaderiacalandreu.com\/es\/wp-json\/wp\/v2\/comments?post=959"}],"version-history":[{"count":0,"href":"https:\/\/ramaderiacalandreu.com\/es\/wp-json\/wp\/v2\/pages\/959\/revisions"}],"wp:attachment":[{"href":"https:\/\/ramaderiacalandreu.com\/es\/wp-json\/wp\/v2\/media?parent=959"}],"curies":[{"name":"wp","href":"https:\/\/api.w.org\/{rel}","templated":true}]}}